{"id":208,"date":"2017-03-06T16:22:28","date_gmt":"2017-03-06T15:22:28","guid":{"rendered":"http:\/\/forseth.se\/idet\/?page_id=208"},"modified":"2017-03-06T16:23:09","modified_gmt":"2017-03-06T15:23:09","slug":"lacombe-lucien-en-medlopare","status":"publish","type":"page","link":"https:\/\/forseth.se\/?page_id=208","title":{"rendered":"Lacombe, Lucien \u2013 en medl\u00f6pare"},"content":{"rendered":"<p style=\"text-align: center;\">LACOMBE, LUCIEN \u2013 gratistidning.com 2014-12-06<\/p>\n<p>&nbsp;<\/p>\n<p><span style=\"color: #800000;\"><a href=\"https:\/\/forseth.se\/idet\/wp-content\/uploads\/2017\/03\/Lacombe-Lucien-affisch-2.jpg\"><img loading=\"lazy\" decoding=\"async\" class=\"aligncenter wp-image-209\" src=\"https:\/\/forseth.se\/idet\/wp-content\/uploads\/2017\/03\/Lacombe-Lucien-affisch-2-861x1024.jpg\" width=\"1000\" height=\"1190\" srcset=\"https:\/\/forseth.se\/wp-content\/uploads\/2017\/03\/Lacombe-Lucien-affisch-2-861x1024.jpg 861w, https:\/\/forseth.se\/wp-content\/uploads\/2017\/03\/Lacombe-Lucien-affisch-2-252x300.jpg 252w, https:\/\/forseth.se\/wp-content\/uploads\/2017\/03\/Lacombe-Lucien-affisch-2-768x914.jpg 768w, https:\/\/forseth.se\/wp-content\/uploads\/2017\/03\/Lacombe-Lucien-affisch-2.jpg 974w\" sizes=\"auto, (max-width: 767px) 89vw, (max-width: 1000px) 54vw, (max-width: 1071px) 543px, 580px\" \/><\/a><\/span><\/p>\n<style type=\"text\/css\">\n\t<!-- @page { margin: 2cm } P { margin-bottom: 0.21cm } --><br \/>\n\t<\/style>\n<p>&nbsp;<\/p>\n<p align=\"CENTER\">\n<p align=\"CENTER\"><span style=\"color: #800000;\"><span style=\"font-family: Helvetica-Bold,sans-serif;\"><span style=\"font-size: xx-large;\"><b>Lacombe, Lucien<\/b><\/span><\/span><\/span><\/p>\n<p align=\"CENTER\"><span style=\"color: #800000;\"><span style=\"font-family: Helvetica-Bold,sans-serif;\"><span style=\"font-size: xx-large;\"><b>\u2013 en medl\u00f6pare<\/b><\/span><\/span><\/span><\/p>\n<p align=\"CENTER\"><span style=\"color: #800000;\"><span style=\"font-family: Georgia-Bold;\"><span style=\"font-size: x-large;\"><b>Vilket barn har inte ritat eller viftat med en hakkorsflagga n\u00e5gon g\u00e5ng? \u2013 Titta noga, n\u00e4r ni ser <\/b><\/span><\/span><span style=\"font-family: Georgia-BoldItalic,cursive;\"><span style=\"font-size: x-large;\"><i><b>Sagan om Karl-Bertil Jonssons julafton<\/b><\/i><\/span><\/span><span style=\"font-family: Georgia-Bold;\"><span style=\"font-size: x-large;\"><b> p\u00e5 TV i \u00e5r!<\/b><\/span><\/span><\/span><\/p>\n<p>&nbsp;<\/p>\n<p><span style=\"color: #800000;\"><span style=\"font-family: Georgia,serif;\"><span style=\"font-size: x-large;\">G\u00e5r man in i ett gammeldags hyreshus med hiss som har grindar, \u00e4r det fullt m\u00f6jligt att hissen \u00e4r tillverkad av Asea, f\u00f6reg\u00e5ngaren till ABB. Aseas firmam\u00e4rke kan d\u00e5 vara en underlig treuddig, stj\u00e4rnliknande symbol, som p\u00e5 h\u00e5ll liknar en triangel. Ser man emellertid n\u00e4rmare p\u00e5 den, framg\u00e5r det att triangelns delar \u00e4r str\u00e5lar med hakar, som tillsammans bildar den d\u00e4r triangeln. Ett treuddigt hakkors, allts\u00e5.<\/span><\/span><\/span><\/p>\n<p><span style=\"color: #800000;\"><span style=\"font-family: Georgia,serif;\"><span style=\"font-size: x-large;\">Detta firmam\u00e4rke \u00e4r nog fr\u00e5n efter det senaste v\u00e4rldskriget, f\u00f6r innan dess var hissarna pyntade med ett helt vanligt fyrauddigt hakkors. Men Aseas rykte hade nog blivit vanrykte, om de hade fortsatt f\u00f6ra en symbol, som det sammanst\u00f6rtade Tredje riket s\u00e5 till den grad hade sv\u00e4rtat ned.<\/span><\/span><\/span><\/p>\n<p><span style=\"color: #800000;\"><span style=\"font-family: Georgia,serif;\"><span style=\"font-size: x-large;\">Hur var det d\u00e5 med Karl-Bertil Jonssons julafton? Denna underbara tecknade film av <\/span><\/span><span style=\"font-family: Georgia-Italic,cursive;\"><span style=\"font-size: x-large;\"><i>Tage Danielsson<\/i><\/span><\/span><span style=\"font-family: Georgia,serif;\"><span style=\"font-size: x-large;\"> fr\u00e5n 1975 st\u00e5r \u2013 enligt min enkla mening \u2013 i samma klass som <\/span><\/span><span style=\"font-family: Georgia-Italic,cursive;\"><span style=\"font-size: x-large;\"><i>Charles Dickens<\/i><\/span><\/span><span style=\"font-family: Georgia,serif;\"><span style=\"font-size: x-large;\"> utomlands mer k\u00e4nda <\/span><\/span><span style=\"font-family: Georgia-Italic,cursive;\"><span style=\"font-size: x-large;\"><i>En julsaga.<\/i><\/span><\/span><span style=\"font-family: Georgia,serif;\"><span style=\"font-size: x-large;\"> Den sagans huvudperson, den diaboliskt gnidne <\/span><\/span><span style=\"font-family: Georgia-Italic,cursive;\"><span style=\"font-size: x-large;\"><i>Scrooge,<\/i><\/span><\/span><span style=\"font-family: Georgia,serif;\"><span style=\"font-size: x-large;\"> \u00e4r f\u00f6rlagan till <\/span><\/span><span style=\"font-family: Georgia-Italic,cursive;\"><span style=\"font-size: x-large;\"><i>Joakim von Anka,<\/i><\/span><\/span><span style=\"font-family: Georgia,serif;\"><span style=\"font-size: x-large;\"> som i original heter just Scrooge. F\u00f6rlagan till <\/span><\/span><span style=\"font-family: Georgia-Italic,cursive;\"><span style=\"font-size: x-large;\"><i>Karl-Bertil Jonsson<\/i><\/span><\/span><span style=\"font-family: Georgia,serif;\"><span style=\"font-size: x-large;\"> trodde jag l\u00e4nge var Tage Danielsson sj\u00e4lv. R\u00f6d- och krullh\u00e5riga var de ju b\u00e4gge, och den tecknade sagan utspelar sig under &#8221;beredskapen&#8221;, det vill s\u00e4ga det andra v\u00e4rldskriget, och d\u00e5 var ju Tage i Karl-Bertils \u00e5lder. Men filmens suver\u00e4ne tecknare och animat\u00f6r, <\/span><\/span><span style=\"font-family: Georgia-Italic,cursive;\"><span style=\"font-size: x-large;\"><i>Per \u00c5hlin,<\/i><\/span><\/span><span style=\"font-family: Georgia,serif;\"><span style=\"font-size: x-large;\"> p\u00e5st\u00e5r annorlunda.<\/span><\/span><\/span><\/p>\n<p><span style=\"color: #800000;\"><span style=\"font-family: Georgia,serif;\"><span style=\"font-size: x-large;\">Det m\u00e5 vara hur det vill med det, men beredskapstid \u00e4r det i alla fall i filmen. Bilar k\u00f6r p\u00e5 gengasaggregat, och julgranen pyntas med landsflaggor p\u00e5 ett sn\u00f6re som lindas runt tr\u00e4det \u2013 och det \u00e4r h\u00e4r som hakkorset kommer in. Den jonssonska julgranen \u00e4r n\u00e4mligen ut\u00f6ver nordiska flaggor beh\u00e4ngd med nazityska.<\/span><\/span><\/span><\/p>\n<p><span style=\"color: #800000;\"><span style=\"font-family: Georgia,serif;\"><span style=\"font-size: x-large;\">Betyder d\u00e5 det, att Tage Danielsson eller Per \u00c5hlin hade nazistiska b\u00f6jelser? \u2013 Nej, lika litet som Karl-Bertil Jonsson. M\u00f6jligen har Karl-Bertils far s\u00e5dana sympatier, han som f\u00f6rf\u00e4ras av att ha &#8221;n\u00e4rt en kommunist vid sin barm&#8221; (sonen Karl-Bertil, n\u00e4rmare best\u00e4mt). Men s\u00e5 s\u00e5g ju Tysklands flagga ut d\u00e5, konstigare \u00e4r det nog inte.<\/span><\/span><\/span><\/p>\n<p><span style=\"color: #800000;\"><span style=\"font-family: Georgia,serif;\"><span style=\"font-size: x-large;\">D\u00e5 \u00e4r det inte heller konstigt att m\u00e5nget barn n\u00e5gon g\u00e5ng viftat med en hakkorsflagga fr\u00e5n en julgransprydnad eller ritat s\u00e5dana kors. Lite fascinerande \u00e4r det allt med ett kors, som r\u00f6r sig runt, runt, om man tillverkar det av smala r\u00f6r som man sl\u00e4pper in \u00e5nga igenom. Hakkorset \u00e4r ocks\u00e5 ingrediens i m\u00e5nga sirliga stuckaturer, kanske i n\u00e5gon kyrka, d\u00e4r barnet suttit och titta upp i taket under en kall och tr\u00e5kig julotta. Det \u00e4r lite evighetssymbol \u00f6ver den krumeluren!<\/span><\/span><\/span><\/p>\n<p><span style=\"color: #800000;\"><span style=\"font-family: Georgia,serif;\"><span style=\"font-size: x-large;\">Andra sk\u00e4l f\u00f6r sitt intresse f\u00f6r hakkors har v\u00e4l <\/span><\/span><span style=\"font-family: Georgia-Italic,cursive;\"><span style=\"font-size: x-large;\"><i>Lacombe Lucien<\/i><\/span><\/span><span style=\"font-family: Georgia,serif;\"><span style=\"font-size: x-large;\"> p\u00e5 filmstudions affisch f\u00f6r n\u00e4sta film. D\u00e4r sitter denne franske yngling och fingrar p\u00e5 en \u00e4kta tysk hakkorsflagga. Tyskarna har vunnit kriget \u00f6ver Frankrike, s\u00e5 hakkorsflaggor finns det gott om.<\/span><\/span><\/span><\/p>\n<p><span style=\"color: #800000;\"><span style=\"font-family: Georgia,serif;\"><span style=\"font-size: x-large;\">Efterkrigshistorien har segrarna skrivit, och i den \u00e4r s\u00e5 gott som alla fransm\u00e4n antifascister, motst\u00e5ndsm\u00e4n eller ogillar \u00e5tminstone tyskarnas framfart. Men den franske f\u00f6rfattaren <\/span><\/span><span style=\"font-family: Georgia-Italic,cursive;\"><span style=\"font-size: x-large;\"><i>Patrick Modiano,<\/i><\/span><\/span><span style=\"font-family: Georgia,serif;\"><span style=\"font-size: x-large;\"> som p\u00e5 onsdag f\u00e5r Nobelpriset i litteratur, v\u00e5gade skriva om medl\u00f6parna, de fransm\u00e4n som gick Nazitysklands \u00e4renden eller i alla fall g\u00e4rna umgicks med ockupanterna. F\u00f6rmodligen var Modiano inte PK, som man skulle s\u00e4ga idag.<\/span><\/span><\/span><\/p>\n<p><span style=\"color: #800000;\"><span style=\"font-family: Georgia,serif;\"><span style=\"font-size: x-large;\">Han har skrivit historien om unge Lucien Lacombe, som till att b\u00f6rja med \u00e4r emot tyskarna. Men n\u00e4r motst\u00e5ndsr\u00f6relsen ger honom korgen f\u00f6r att han \u00e4r f\u00f6r omogen \u2013 vilken vuxen skulle d\u00e5 bli f\u00f6rv\u00e5nad \u00f6ver, att han i st\u00e4llet v\u00e4nder sig till den andra sidan f\u00f6r att f\u00e5 utlopp f\u00f6r sin l\u00e4ngtan efter sp\u00e4nning i tillvaron?<\/span><\/span><\/span><\/p>\n<p><span style=\"color: #800000;\"><span style=\"font-family: Georgia,serif;\"><span style=\"font-size: x-large;\">Ty det \u00e4r det han g\u00f6r i Patrick Modianos manus till <\/span><\/span><span style=\"font-family: Georgia-Italic,cursive;\"><span style=\"font-size: x-large;\"><i>Louis Malles<\/i><\/span><\/span><span style=\"font-family: Georgia,serif;\"><span style=\"font-size: x-large;\"> film fr\u00e5n 1974. Modiano, som &#8221;ofta \u00e5terv\u00e4nt till den tyska ockupationen&#8221;, som Nationalencyklopedin s\u00e5 lakoniskt konstaterar, skrev h\u00e4r in sig i historien, d\u00e5 filmen av brittisk allm\u00e4nhet inr\u00f6stades som en av v\u00e4rldens hundra b\u00e4sta krigsfilmer genom tiderna. Malle \u00e5terv\u00e4nde 1987 till ockupationen i <\/span><\/span><span style=\"font-family: Georgia-Italic,cursive;\"><span style=\"font-size: x-large;\"><i>Vi ses igen, barn.<\/i><\/span><\/span><span style=\"font-family: Georgia,serif;\"><span style=\"font-size: x-large;\"> Titeln syftar p\u00e5 Malles judiska klasskamrater i den katolska internatskola han gick i. De blev n\u00e4mligen h\u00e4mtade f\u00f6r att bo i koncentrationsl\u00e4ger i st\u00e4llet\u2026<\/span><\/span><\/span><\/p>\n<p><span style=\"color: #800000;\"><span style=\"font-family: Georgia,serif;\"><span style=\"font-size: x-large;\">Louis Malle \u00e4r f\u00f6r \u00f6vrigt den som gjorde <\/span><\/span><span style=\"font-family: Georgia-Italic,cursive;\"><span style=\"font-size: x-large;\"><i>Susan Sarandon<\/i><\/span><\/span><span style=\"font-family: Georgia,serif;\"><span style=\"font-size: x-large;\"> till stj\u00e4rna och lyckades f\u00e5 ihop den omaka duon <\/span><\/span><span style=\"font-family: Georgia-Italic,cursive;\"><span style=\"font-size: x-large;\"><i>Jeanne Moreau<\/i><\/span><\/span><span style=\"font-family: Georgia,serif;\"><span style=\"font-size: x-large;\"> och <\/span><\/span><span style=\"font-family: Georgia-Italic,cursive;\"><span style=\"font-size: x-large;\"><i>Brigitte Bardot<\/i><\/span><\/span><span style=\"font-family: Georgia,serif;\"><span style=\"font-size: x-large;\"> i samma film. I &#8221;Lacombe Lucien&#8221; har han en svensk med: <\/span><\/span><span style=\"font-family: Georgia-Italic,cursive;\"><span style=\"font-size: x-large;\"><i>Holger L\u00f6wenadler.<\/i><\/span><\/span><\/span><\/p>\n<p><span style=\"color: #800000;\"><span style=\"font-family: Georgia,serif;\"><span style=\"font-size: x-large;\">Kiruna filmstudio visar p\u00e5passligt Nobelpristagaren Patrick Modianos film dagen efter Nobelfesten, ty varje torsdag \u00e4r biodag f\u00f6r filmstudion. Och att visa en Nobelpristagares verk, som ingen bokhandlare kan visa upp, det \u00e4r v\u00e4l ingen d\u00e5lig sak av en liten filmklubb! Har Svensk filmindustri i Stockholm t\u00e4nkt p\u00e5 det, till exempel? \u2013 Jag bara fr\u00e5gar!<\/span><\/span><\/span><\/p>\n<p>&nbsp;<\/p>\n<p align=\"RIGHT\"><span style=\"color: #800000;\"><em><span style=\"font-family: Verdana Italic,sans-serif;\"><span style=\"font-size: medium;\">En id\u00e9 i idet av Bj\u00f6rn Forseth<\/span><\/span><\/em><\/span><\/p>\n<p style=\"text-align: center;\" align=\"RIGHT\"><a href=\"..\/idet\">\u00c5ter<\/a><\/p>\n","protected":false},"excerpt":{"rendered":"<p>LACOMBE, LUCIEN \u2013 gratistidning.com 2014-12-06 &nbsp; &nbsp; Lacombe, Lucien \u2013 en medl\u00f6pare Vilket barn har inte ritat eller viftat med en hakkorsflagga n\u00e5gon g\u00e5ng? \u2013 Titta noga, n\u00e4r ni ser Sagan om Karl-Bertil Jonssons julafton p\u00e5 TV i \u00e5r! &nbsp; G\u00e5r man in i ett gammeldags hyreshus med hiss som har grindar, \u00e4r det fullt &hellip; <\/p>\n<p class=\"link-more\"><a href=\"https:\/\/forseth.se\/?page_id=208\" class=\"more-link\">Forts\u00e4tt l\u00e4sa<span class=\"screen-reader-text\"> \u201dLacombe, Lucien \u2013 en medl\u00f6pare\u201d<\/span><\/a><\/p>\n","protected":false},"author":1,"featured_media":0,"parent":0,"menu_order":9,"comment_status":"closed","ping_status":"closed","template":"","meta":{"footnotes":""},"class_list":["post-208","page","type-page","status-publish","hentry"],"_links":{"self":[{"href":"https:\/\/forseth.se\/index.php?rest_route=\/wp\/v2\/pages\/208","targetHints":{"allow":["GET"]}}],"collection":[{"href":"https:\/\/forseth.se\/index.php?rest_route=\/wp\/v2\/pages"}],"about":[{"href":"https:\/\/forseth.se\/index.php?rest_route=\/wp\/v2\/types\/page"}],"author":[{"embeddable":true,"href":"https:\/\/forseth.se\/index.php?rest_route=\/wp\/v2\/users\/1"}],"replies":[{"embeddable":true,"href":"https:\/\/forseth.se\/index.php?rest_route=%2Fwp%2Fv2%2Fcomments&post=208"}],"version-history":[{"count":2,"href":"https:\/\/forseth.se\/index.php?rest_route=\/wp\/v2\/pages\/208\/revisions"}],"predecessor-version":[{"id":211,"href":"https:\/\/forseth.se\/index.php?rest_route=\/wp\/v2\/pages\/208\/revisions\/211"}],"wp:attachment":[{"href":"https:\/\/forseth.se\/index.php?rest_route=%2Fwp%2Fv2%2Fmedia&parent=208"}],"curies":[{"name":"wp","href":"https:\/\/api.w.org\/{rel}","templated":true}]}}