{"id":616,"date":"2017-04-17T12:04:16","date_gmt":"2017-04-17T10:04:16","guid":{"rendered":"https:\/\/forseth.se\/idet\/?page_id=616"},"modified":"2017-04-17T12:04:16","modified_gmt":"2017-04-17T10:04:16","slug":"sonderkommando","status":"publish","type":"page","link":"https:\/\/forseth.se\/?page_id=616","title":{"rendered":"Sonderkommando"},"content":{"rendered":"<p style=\"text-align: center;\"><span style=\"color: #800000;\">SAULS SON \u2013 gratistidning.com 2016-05-24<\/span><\/p>\n<p style=\"text-align: center;\">\n<p style=\"text-align: center;\"><span style=\"color: #800000;\"><a style=\"color: #800000;\" href=\"https:\/\/forseth.se\/idet\/wp-content\/uploads\/2017\/04\/Sauls-son.jpeg\"><img loading=\"lazy\" decoding=\"async\" class=\"aligncenter size-full wp-image-617\" src=\"https:\/\/forseth.se\/idet\/wp-content\/uploads\/2017\/04\/Sauls-son.jpeg\" alt=\"\" width=\"1000\" height=\"560\" srcset=\"https:\/\/forseth.se\/wp-content\/uploads\/2017\/04\/Sauls-son.jpeg 1000w, https:\/\/forseth.se\/wp-content\/uploads\/2017\/04\/Sauls-son-300x168.jpeg 300w, https:\/\/forseth.se\/wp-content\/uploads\/2017\/04\/Sauls-son-768x430.jpeg 768w\" sizes=\"auto, (max-width: 767px) 89vw, (max-width: 1000px) 54vw, (max-width: 1071px) 543px, 580px\" \/><\/a><\/span><\/p>\n<p style=\"text-align: center;\"><span style=\"color: #800000;\"><\/p>\n<style type=\"text\/css\">\n\t<!--\n\t\t@page { margin: 2cm }\n\t\tP { margin-bottom: 0.21cm }\n\t-->\n\t<\/style>\n<p><\/span><\/p>\n<p lang=\"sv-SE\" align=\"CENTER\"><span style=\"color: #800000;\"><span style=\"font-family: Gotham-Bold;\"><span style=\"font-size: 300%;\"><b>Sonderkommando<\/b><\/span><\/span><\/span><\/p>\n<p lang=\"sv-SE\" align=\"CENTER\"><span style=\"color: #800000;\"><span style=\"font-family: Gotham-BoldItalic,cursive;\"><span style=\"font-size: large;\"><i><b>F\u00f6rintelsen \u2013 fanns den?<\/b><\/i><\/span><\/span><\/span><\/p>\n<p lang=\"sv-SE\" align=\"LEFT\"><span style=\"color: #800000;\"><span style=\"font-family: Georgia,serif;\"><span style=\"font-size: large;\">Att f\u00f6rbjuda \u00e5sikter i lag brukar vi anse som odemokratiskt, som brott mot principen om de m\u00e4nskliga r\u00e4ttigheterna och som typiskt f\u00f6r diktaturer. Icke desto mindre har en del l\u00e4nder i den v\u00e4stliga kulturkretsen \u2013 \u201dp\u00e5litliga demokratier\u201d \u2013 lagar som f\u00f6rbjuder m\u00e4nniskor att f\u00f6rneka, att <span style=\"font-family: Georgia-Italic,cursive;\"><i>F\u00f6rintelsen<\/i><\/span> \u00e4gt rum. Notera det stora F, som inleder ordet. Den nordiska traditionen medger inte f\u00f6rbud mot ens en s\u00e5dan \u00e5sikt. Men Sverige har i modern tid f\u00e5tt en myndighet med uppdraget att \u201dfr\u00e4mja arbetet med demokrati, tolerans och m\u00e4nskliga r\u00e4ttigheter med utg\u00e5ngspunkt i F\u00f6rintelsen\u201d. Och notera \u00e4ven h\u00e4r det stora F:et. En statligt p\u00e5bjuden \u00e5siktsmaskin, allts\u00e5.<\/span><\/span><\/span><\/p>\n<p lang=\"sv-SE\" align=\"LEFT\"><span style=\"color: #800000;\"><span style=\"font-family: Georgia,serif;\"><span style=\"font-size: large;\">Ty att tala om f\u00f6rintelsen som F\u00f6rintelsen \u00e4r att g\u00f6ra den enast\u00e5ende. \u00c4nd\u00e5 vet vi, att det f\u00f6rekommit f\u00f6rs\u00f6k att f\u00f6rinta hela folk eller folkgrupper f\u00f6rut i historien. Nyligen var \u201dfolkmordet p\u00e5 armenierna\u201d 1915\u20131917 p\u00e5 tapeten, n\u00e4r Turkiets ambassad f\u00f6rs\u00f6kte f\u00e5 TV 4 att l\u00e5ta bli att visa en dokument\u00e4r om det. H\u00e4r kallat folkmord av Nationalencyklopedin, men en del vill kalla \u00e4ven det f\u00f6rintelse. H\u00e5ll med om, att skillnaden i betydelse mellan <span style=\"font-family: Georgia-Italic,cursive;\"><i>folkmord<\/i><\/span> och <span style=\"font-family: Georgia-Italic,cursive;\"><i>f\u00f6rintelse<\/i><\/span> \u00e4r h\u00e5rfin.<\/span><\/span><\/span><\/p>\n<p lang=\"sv-SE\" align=\"LEFT\"><span style=\"color: #800000;\"><span style=\"font-family: Georgia,serif;\"><span style=\"font-size: large;\">S\u00e5 h\u00e4r kunde det l\u00e5ta f\u00f6r n\u00e5gra tusen \u00e5r sedan (i av Konungen \u00e5r 1917 gillad och stadf\u00e4st \u00f6vers\u00e4ttning):<\/span><\/span><\/span><\/p>\n<p lang=\"sv-SE\" style=\"padding-left: 30px;\" align=\"LEFT\"><span style=\"color: #800000;\"><span style=\"font-family: Georgia,serif;\"><span style=\"font-size: large;\">N\u00e4r Herren, din Gud, l\u00e5ter dig komma in i det land, dit du nu g\u00e5r f\u00f6r att taga det i besittning, och n\u00e4r han f\u00f6r dig f\u00f6rjagar stora folk \u2013 <span style=\"font-family: Georgia-Italic,cursive;\"><i>hetiterna, girgas\u00e9erna, amor\u00e9erna, kanan\u00e9erna, peris\u00e9erna, hiv\u00e9erna och jebus\u00e9erna<\/i><\/span> \u2026 d\u00e5 skall du giva dem till spillo; du skall icke sluta f\u00f6rbund med dem eller visa dem n\u00e5d.<\/span><\/span><\/span><\/p>\n<p lang=\"sv-SE\" align=\"RIGHT\"><span style=\"color: #800000;\"><span style=\"font-family: NewCenturySchlbkLTStd-It,serif;\"><span style=\"font-size: xx-small;\"><i>Ur Femte Moseboken 7:1\u20132<\/i><\/span><\/span><\/span><\/p>\n<p lang=\"sv-SE\" align=\"LEFT\"><span style=\"color: #800000;\">\u201d<span style=\"font-family: Georgia,serif;\"><span style=\"font-size: large;\">Giva till spillo\u201d \u00e4r f\u00f6rinta. Och vad gjorde d\u00e5 israeliterna?<\/span><\/span><\/span><\/p>\n<p lang=\"sv-SE\" style=\"padding-left: 30px;\" align=\"LEFT\"><span style=\"color: #800000;\"><span style=\"font-family: Georgia,serif;\"><span style=\"font-size: large;\">Och de g\u00e5vo till spillo allt vad som fanns i staden, b\u00e5de m\u00e4n och kvinnor, b\u00e5de unga och gamla, s\u00e5 ock oxar, f\u00e5r och \u00e5snor; och slogo dem med sv\u00e4rdsegg.<\/span><\/span><\/span><\/p>\n<p lang=\"sv-SE\" align=\"RIGHT\"><span style=\"color: #800000;\"><span style=\"font-family: NewCenturySchlbkLTStd-It,serif;\"><span style=\"font-size: xx-small;\"><i>Josua 6:21<\/i><\/span><\/span><\/span><\/p>\n<p lang=\"sv-SE\" align=\"LEFT\"><span style=\"color: #800000;\"><span style=\"font-family: Georgia,serif;\"><span style=\"font-size: large;\">Amerikas m\u00e5nga l\u00e4nder skapades av europeiska kolonialmakter, som anv\u00e4nde samma metod som ovan f\u00f6r att f\u00e5 land. D\u00e5 var det inte hetiter och kanan\u00e9er som skulle tillspilloges utan <span style=\"font-family: Georgia-Italic,cursive;\"><i>guayaki-, aztek- <\/i><\/span>och<span style=\"font-family: Georgia-Italic,cursive;\"><i> svartfotsindianer.<\/i><\/span> Folkmord eller f\u00f6rintelser har varit vanligast mot urfolk, men \u00e4nda in i v\u00e5ra dagar sker s\u00e5dant mot ena halvan av ett lands befolkning mot den andra, som i Rwanda f\u00f6r tjugu \u00e5r sedan. Vem kan d\u00e5 ha st\u00f6rre r\u00e4tt att anv\u00e4nda ordet f\u00f6rintelse med stort F?<\/span><\/span><\/span><\/p>\n<p lang=\"sv-SE\" align=\"LEFT\"><span style=\"color: #800000;\"><span style=\"font-family: Georgia,serif;\"><span style=\"font-size: large;\">Hitlers Tyskland f\u00f6rintade judar och zigenare systematiskt, p\u00e5 ett industriellt vis och smorde maskineriet med bepr\u00f6vad teknik: <span style=\"font-family: Georgia-Italic,cursive;\"><i>general Amherst<\/i><\/span> och <span style=\"font-family: Georgia-Italic,cursive;\"><i>\u00f6verste Bouquet<\/i><\/span> lanserade 1763 i kriget mot <span style=\"font-family: Georgia-Italic,cursive;\"><i>ottawah\u00f6vdingen Pontiac<\/i><\/span> metoden att sk\u00e4nka indianerna filtar med smittkoppor i. Tyskarna i sin tur erbj\u00f6d i koncentrationsl\u00e4gren nyanl\u00e4nda judar en sk\u00f6n dusch, inte med vatten utan \u2013 som det visade sig \u2013 <span style=\"font-family: Georgia-Italic,cursive;\"><i>Zyklon B-gas.<\/i><\/span><\/span><\/span><\/span><\/p>\n<p lang=\"sv-SE\" align=\"LEFT\"><span style=\"color: #800000;\"><span style=\"font-family: Georgia,serif;\"><span style=\"font-size: large;\">En del f\u00f6rnekar att det har h\u00e4nt. I vissa l\u00e4nder kan man allts\u00e5 straffas, om man s\u00e4ger detta h\u00f6gt eller skriver det. Dock \u00e4r det inte straffbart att f\u00f6rneka att indianer f\u00f6rintats. S\u00e5dan dubbelmoral och f\u00f6rbud att ha en \u00e5sikt blir man inte omv\u00e4nd av. Det \u00e4r klart, att man m\u00e5ste f\u00e5 v\u00e4gra tro p\u00e5 judef\u00f6rintelsen, men s\u00e4ger man det ska man bli bem\u00f6tt. \u2013 Det f\u00f6rst\u00e5s, inbitna f\u00f6rnekare kanske inte f\u00f6ljer n\u00e5gon debatt, lika lite som de analfabeter som fick h\u00f6ra att det var Herrens order att de skulle f\u00f6rinta andra folkslag. D\u00e5 \u00e4r kanske popul\u00e4rt framst\u00e4lld seri\u00f6s kultur en v\u00e4g att g\u00e5? Fast g\u00e5r det i bokform, om de inte l\u00e4ser b\u00f6cker? Kanske film \u00e4r en framg\u00e5ngsrikare v\u00e4g att g\u00e5?<\/span><\/span><\/span><\/p>\n<p lang=\"sv-SE\" align=\"LEFT\"><span style=\"color: #800000;\"><span style=\"font-family: Georgia,serif;\"><span style=\"font-size: large;\">Filmstudion visar p\u00e5 torsdag p\u00e5 Folkets hus en s\u00e5dan: <span style=\"font-family: Georgia-Italic,cursive;\"><i>Sauls son<\/i><\/span> fr\u00e5n 2015 (uttala titeln p\u00e5 svenska, de talade inte engelska i <span style=\"font-family: Georgia-Italic,cursive;\"><i>Auschwitz).<\/i><\/span> Saul \u00e4r en av de judar, som i koncentrationsl\u00e4gret f\u00e5tt jobb. Duktiga musiker tas ut till orkestrar, som ska spela lugnande f\u00f6r de andra f\u00e5ngarna, s\u00e5 att ingen ska ana or\u00e5d. Har de tur, kan de hinna \u00f6verleva kriget. Ett s\u00e4tt att olja d\u00f6dsmaskineriet. Ett annat \u00e4r Sauls jobb: att samla ihop ovetande judar eller romer i ordnade former och be dem i lugn och ro h\u00e4nga av sig allt p\u00e5 numrerade krokar f\u00f6re duschen. N\u00e4r skriken fr\u00e5n duschrummet b\u00f6rjar h\u00f6ras, sl\u00e4nger Saul och de andra i specialstyrkan alla kl\u00e4der i en h\u00f6g. \u2013 Vad kan man g\u00f6ra? Han och de andra jobbarna ska ju ocks\u00e5 eldas upp vad det lider, s\u00e5 h\u00e4r f\u00e5r de \u00e4nd\u00e5 en respit.<\/span><\/span><\/span><\/p>\n<p lang=\"sv-SE\" align=\"LEFT\"><span style=\"color: #800000;\"><span style=\"font-family: Georgia,serif;\"><span style=\"font-size: large;\">Men en dag ser Saul bland de nyd\u00f6da sin egen son\u2026<\/span><\/span><\/span><\/p>\n<p align=\"RIGHT\"><span style=\"font-family: NewCenturySchlbkLTStd-It,serif; color: #800000;\"><span style=\"font-size: medium;\"><span lang=\"sv-SE\"><i>En id\u00e9 i idet av Bj\u00f6rn Forseth<\/i><\/span><\/span><\/span><\/p>\n<p align=\"RIGHT\">\n<p style=\"text-align: center;\" align=\"RIGHT\"><a href=\"..\/idet\">\u00c5ter<\/a><\/p>\n","protected":false},"excerpt":{"rendered":"<p>SAULS SON \u2013 gratistidning.com 2016-05-24 Sonderkommando F\u00f6rintelsen \u2013 fanns den? Att f\u00f6rbjuda \u00e5sikter i lag brukar vi anse som odemokratiskt, som brott mot principen om de m\u00e4nskliga r\u00e4ttigheterna och som typiskt f\u00f6r diktaturer. Icke desto mindre har en del l\u00e4nder i den v\u00e4stliga kulturkretsen \u2013 \u201dp\u00e5litliga demokratier\u201d \u2013 lagar som f\u00f6rbjuder m\u00e4nniskor att f\u00f6rneka, att &hellip; <\/p>\n<p class=\"link-more\"><a href=\"https:\/\/forseth.se\/?page_id=616\" class=\"more-link\">Forts\u00e4tt l\u00e4sa<span class=\"screen-reader-text\"> \u201dSonderkommando\u201d<\/span><\/a><\/p>\n","protected":false},"author":1,"featured_media":0,"parent":0,"menu_order":70,"comment_status":"closed","ping_status":"closed","template":"","meta":{"footnotes":""},"class_list":["post-616","page","type-page","status-publish","hentry"],"_links":{"self":[{"href":"https:\/\/forseth.se\/index.php?rest_route=\/wp\/v2\/pages\/616","targetHints":{"allow":["GET"]}}],"collection":[{"href":"https:\/\/forseth.se\/index.php?rest_route=\/wp\/v2\/pages"}],"about":[{"href":"https:\/\/forseth.se\/index.php?rest_route=\/wp\/v2\/types\/page"}],"author":[{"embeddable":true,"href":"https:\/\/forseth.se\/index.php?rest_route=\/wp\/v2\/users\/1"}],"replies":[{"embeddable":true,"href":"https:\/\/forseth.se\/index.php?rest_route=%2Fwp%2Fv2%2Fcomments&post=616"}],"version-history":[{"count":1,"href":"https:\/\/forseth.se\/index.php?rest_route=\/wp\/v2\/pages\/616\/revisions"}],"predecessor-version":[{"id":618,"href":"https:\/\/forseth.se\/index.php?rest_route=\/wp\/v2\/pages\/616\/revisions\/618"}],"wp:attachment":[{"href":"https:\/\/forseth.se\/index.php?rest_route=%2Fwp%2Fv2%2Fmedia&parent=616"}],"curies":[{"name":"wp","href":"https:\/\/api.w.org\/{rel}","templated":true}]}}