{"id":726,"date":"2017-05-09T18:19:20","date_gmt":"2017-05-09T16:19:20","guid":{"rendered":"https:\/\/forseth.se\/idet\/?page_id=726"},"modified":"2017-10-05T09:30:47","modified_gmt":"2017-10-05T07:30:47","slug":"den-rara-fascisten","status":"publish","type":"page","link":"https:\/\/forseth.se\/?page_id=726","title":{"rendered":"<FONT COLOR=\"#FF0000\"> Den rara fascisten<\/FONT COLOR>"},"content":{"rendered":"<p style=\"text-align: center;\"><span style=\"color: #800000;\">FASCISTEN \u2013 gratistidning.com 2017-02-14<\/span><\/p>\n<p style=\"text-align: center;\"><span style=\"color: #ff0000;\">Kommentar om denna kr\u00f6nika \u2013 se l\u00e4ngst ned.<\/span><\/p>\n<p style=\"text-align: center;\"><span style=\"color: #800000;\"><a style=\"color: #800000;\" href=\"https:\/\/forseth.se\/idet\/wp-content\/uploads\/2017\/05\/Fascisten.jpg\"><img loading=\"lazy\" decoding=\"async\" class=\"aligncenter size-full wp-image-727\" src=\"https:\/\/forseth.se\/idet\/wp-content\/uploads\/2017\/05\/Fascisten.jpg\" alt=\"\" width=\"1000\" height=\"566\" srcset=\"https:\/\/forseth.se\/wp-content\/uploads\/2017\/05\/Fascisten.jpg 1000w, https:\/\/forseth.se\/wp-content\/uploads\/2017\/05\/Fascisten-300x170.jpg 300w, https:\/\/forseth.se\/wp-content\/uploads\/2017\/05\/Fascisten-768x435.jpg 768w\" sizes=\"auto, (max-width: 767px) 89vw, (max-width: 1000px) 54vw, (max-width: 1071px) 543px, 580px\" \/><\/a><\/span><\/p>\n<p style=\"text-align: center;\">\n<style type=\"text\/css\">\n\t<!-- @page { margin: 2cm } P { margin-bottom: 0.21cm } --><br \/>\t<\/style>\n<\/p>\n<p>&nbsp;<\/p>\n<p lang=\"sv-SE\" align=\"CENTER\"><span style=\"color: #800000; font-size: 300%;\"><span style=\"font-family: Gotham-Bold;\"><b>Den rara fascisten<\/b><\/span><\/span><\/p>\n<p lang=\"sv-SE\" align=\"CENTER\"><span style=\"color: #800000; font-size: large;\"><span style=\"font-family: Gotham-BoldItalic,cursive;\"><i><b>\u00c4r nysvenskar fascister?<\/b><\/i><\/span><\/span><\/p>\n<p lang=\"sv-SE\" align=\"LEFT\"><span style=\"color: #800000; font-size: large;\"><span style=\"font-family: Georgia,serif;\">Det \u00e4r l\u00e4tt att kalla n\u00e5gon man inte k\u00e4nner f\u00f6r <span style=\"font-family: Georgia-Italic,cursive;\"><i>fascist.<\/i><\/span> Sj\u00e4lv har jag blivit kallad fascist b\u00e5de av ok\u00e4nda och k\u00e4nda. Vet de egentligen vad de menar? En som jag k\u00e4nde v\u00e4l var sj\u00e4lv fascist fr\u00e5n landet d\u00e4r ordet myntades.<\/span><\/span><\/p>\n<p lang=\"sv-SE\" align=\"LEFT\"><span style=\"color: #800000; font-size: large;\"><span style=\"font-family: Georgia,serif;\">Landet heter Italien. I Ast\u00e9rixalbumen kallas det Romarriket. De gamla romarna h\u00e4lsade p\u00e5 sin kejsare och p\u00e5 andra potentater med utstr\u00e4ckt h\u00f6gerarm, fingrarna ihop och handflatan ned \u2013 p\u00e5st\u00e5s det. Eller snarare: <span style=\"font-family: Georgia-Bold;\"><b>tror<\/b><\/span> en massa m\u00e4nniskor sedan n\u00e5gra \u00e5rhundraden tillbaka, fast det inte finns bevis f\u00f6r det. <span style=\"font-family: Georgia-Italic,cursive;\"><i>Hitlerh\u00e4lsning<\/i><\/span> kallar m\u00e5nga den idag. Och s\u00e5 t\u00e4nkte nog regiss\u00f6ren <span style=\"font-family: Georgia-Italic,cursive;\"><i>Nicholas Ray<\/i><\/span> vid inspelningen av <span style=\"font-family: Georgia-Italic,cursive;\"><i>Konungarnas konung<\/i><\/span> 1961 (titeln syftar p\u00e5 Jesus av Nasaret i en utkant av Romarriket), f\u00f6r han l\u00e4t alla romerska soldater mycket tydligt h\u00e4lsa p\u00e5 sina officerare p\u00e5 det viset. Andra v\u00e4rldskriget var alltj\u00e4mt i f\u00e4rskt minne, och publiken skulle komma att t\u00e4nka p\u00e5 Hitlers tredje rike, n\u00e4r de s\u00e5g h\u00e4lsningen p\u00e5 vita duken.<\/span><\/span><\/p>\n<p lang=\"sv-SE\" align=\"LEFT\"><span style=\"color: #800000; font-size: large;\"><span style=\"font-family: Georgia,serif;\">De tyska nazisterna tog h\u00e4lsningen p\u00e5 entreprenad men var inte f\u00f6rst. I Italien hade 1922 <span style=\"font-family: Georgia-Italic,cursive;\"><i>Benito Mussolini<\/i><\/span> tagit makten. Hans r\u00f6relse s\u00e5g sig som b\u00f6rjan till n\u00e5got slags modernt romarrike och tog naturligt nog den \u00bbromerska h\u00e4lsningen\u00ab till sin.<\/span><\/span><\/p>\n<p lang=\"sv-SE\" style=\"padding-left: 30px;\" align=\"LEFT\"><span style=\"color: #800000; font-size: large;\"><span style=\"font-family: Georgia,serif;\">M\u00e5nga har beundrat de gamla romarna. I USA h\u00e4lsade man p\u00e5 fanan med denna h\u00e4lsning fram till att de gick i krig med Hitlers Tyskland. D\u00e5 \u00f6vergick de till att l\u00e4gga handen mot hj\u00e4rtat i st\u00e4llet.<\/span><\/span><\/p>\n<p lang=\"sv-SE\" align=\"LEFT\"><span style=\"color: #800000; font-size: large;\"><span style=\"font-family: Georgia,serif;\">I h\u00e4rmandet av det romerska kallade Mussolinis r\u00f6relse sig fascister, f\u00f6r romarna hade haft ett sp\u00f6knippe <span style=\"font-family: Georgia-Italic,cursive;\"><i>(fasces)<\/i><\/span> som maktsymbol. Ocks\u00e5 den symbolen har varit popul\u00e4r vida kring \u2013 svensk polis har den. De italienska fascisterna vurmade f\u00f6r ett Storitalien i Romarrikets efterf\u00f6ljd och var likt v\u00e5r tids motorcykelligor v\u00e5ldsdyrkare. Det \u00e4r d\u00e5 inte s\u00e5 konstigt, att Mussolini och Hitler slog f\u00f6lje.<\/span><\/span><\/p>\n<p lang=\"sv-SE\" align=\"LEFT\"><span style=\"color: #800000; font-size: large;\"><span style=\"font-family: Georgia,serif;\">Till skillnad fr\u00e5n nazisterna hade inte fascisterna n\u00e5gon judeutrotning p\u00e5 dagordningen. Dock ledde krigssamarbetet med tyskarna efterhand till f\u00f6rf\u00f6ljelse av judar. Men det fanns ocks\u00e5 en annan sida av den italienska fascismen.<\/span><\/span><\/p>\n<p lang=\"sv-SE\" align=\"LEFT\"><span style=\"color: #800000; font-size: large;\"><span style=\"font-family: Georgia,serif;\">I min gr\u00f6na ungdom jobbade jag i rote med en italiensk farbror, som kommit till Sverige efter krigsslutet, d\u00e5 svenska f\u00f6retag damms\u00f6g de krigsh\u00e4rjade l\u00e4nderna efter yrkesfolk till den svenska industrin. Det kom m\u00e5nga italienare i den v\u00e4rvningen, och p\u00e5 jobbet upplevde jag, att de kunde indelas i tv\u00e5 grupper: katoliker och kommunister. Detta var nog en god iakttagelse.<\/span><\/span><\/p>\n<p lang=\"sv-SE\" style=\"padding-left: 30px;\" align=\"LEFT\"><span style=\"color: #800000; font-size: large;\"><span style=\"font-family: Georgia,serif;\">I Italien spelades efter kriget in en rad filmer om en katolsk pr\u00e4st (spelad av \u00bbmannen med h\u00e4stansiktet\u00ab <span style=\"font-family: Georgia-Italic,cursive;\"><i>Fernandel)<\/i><\/span> och en kommunistisk borgm\u00e4stare (spelad av <span style=\"font-family: Georgia-Italic,cursive;\"><i>Gino Cervi). <\/i><\/span>Dessa l\u00e5g i st\u00e4ndig fejd med varandra. N\u00e4r borgm\u00e4staren ville ha medel till ett Folkets hus ville pr\u00e4sten ha medlen till ett fattighem. Men innerst inne var de v\u00e4nner, f\u00f6r de hade k\u00e4mpat sida vid sida mot fascisterna. En bild av efterkrigs-Italien, s\u00e5ledes. F\u00f6rsta filmen hette <span style=\"font-family: Georgia-Italic,cursive;\"><i>Don Camillo och hans lilla v\u00e4rld <\/i><\/span>(1952).<\/span><\/span><\/p>\n<p lang=\"sv-SE\" align=\"LEFT\"><span style=\"color: #800000; font-size: large;\"><span style=\"font-family: Georgia,serif;\">Alltnog. Min italienske f\u00f6rarbetare lystrade till det underbara namnet Dante. Han kunde fr\u00e5n n\u00e5gon h\u00f6g punkt p\u00e5 jobbet pl\u00f6tsligt h\u00f6ra en grupp italienare p\u00e5 l\u00e5ngt h\u00e5ll ropa \u00bbHall\u00e5, Dante!\u00ab, och d\u00e5 han v\u00e4nde sig mot dem, gjorde de alla fascisth\u00e4lsning mot honom \u2013 och han slog samman klackarna och h\u00e4lsade tillbaka p\u00e5 samma s\u00e4tt. Dante hade en kroppshydda lik Benito Mussolinis, och bilden av honom st\u00e5ende d\u00e4r ute p\u00e5 en h\u00f6jd med armen utstr\u00e4ckt har etsat sig fast p\u00e5 min n\u00e4thinna.<\/span><\/span><\/p>\n<p lang=\"sv-SE\" align=\"LEFT\"><span style=\"color: #800000; font-size: large;\"><span style=\"font-family: Georgia,serif;\">Naturligtvis skojade italienarna med varandra, men n\u00e4r jag n\u00e5gon g\u00e5ng fr\u00e5gade Dante om kriget och det d\u00e5tida Italien, blev han allvarlig och tog fram sin pl\u00e5tslagarkrita, skrev p\u00e5 en pl\u00e5t och ber\u00e4ttade, vad man p\u00e5 <span style=\"font-family: Georgia-Italic,cursive;\"><i>Il duces<\/i><\/span> tid fick i arbetsl\u00f6shetsers\u00e4ttning och hur sociala tillkortakommanden kompenserades med f\u00f6rs\u00e4kringar. Tiden f\u00f6re f\u00f6rsta v\u00e4rldskriget var h\u00e5rd f\u00f6r Europas arbetarklass, men han uppfattade att det fascistiska Italien tog hand om dem bra. S\u00e5dan var hans upplevelse, och den gick inte f\u00f6r en svensk att prata bort.<\/span><\/span><\/p>\n<p lang=\"sv-SE\" align=\"LEFT\"><span style=\"color: #800000; font-size: large;\"><span style=\"font-family: Georgia,serif;\">N\u00e4r d\u00e5 italienska filmare ger en h\u00e5rdare bild av fascismen \u00e4n den som den gode Dante hade, s\u00e5 biter f\u00f6rst\u00e5s argumenten b\u00e4ttre. Nu p\u00e5 torsdag visar filmstudion en s\u00e5dan film av <span style=\"font-family: Georgia-Italic,cursive;\"><i>Bernardo Bertolucci,<\/i><\/span> r\u00e4tt och sl\u00e4tt <span style=\"font-family: Georgia-Italic,cursive;\"><i>Fascisten<\/i><\/span> kallad (1970), om en ynklig man som vill vara stor och d\u00f6lja sin ynkedom genom att bli torped \u00e5t de fascistiska svartskjortorna (lite grand som i <span style=\"font-family: Georgia-Italic,cursive;\"><i>Lacombe Lucien,<\/i><\/span> visad av filmstudion d\u00e5 manusf\u00f6rfattaren <span style=\"font-family: Georgia-Italic,cursive;\"><i>Patrick Modiano <\/i><\/span>fick Nobelpriset). Regiss\u00f6ren gick 1976 vidare och drog upp fascismen och Italiens moderna historia med r\u00f6tterna i eposet <span style=\"font-family: Georgia-Italic,cursive;\"><i>1900,<\/i><\/span> d\u00e4r<span style=\"font-family: Georgia-Italic,cursive;\"><i> G\u00e9rard D\u00e9pardieu<\/i><\/span> och <span style=\"font-family: Georgia-Italic,cursive;\"><i>Robert de Niro<\/i><\/span> fick representera de tv\u00e5 stora sidorna lantarbetare och lantadel under den fascistiska epoken.<\/span><\/span><\/p>\n<p lang=\"sv-SE\" align=\"LEFT\"><span style=\"color: #800000; font-size: large;\"><span style=\"font-family: Georgia,serif;\"><span style=\"font-family: Georgia-Italic,cursive;\"><i>Nysvenska r\u00f6relsen<\/i><\/span> var en svensk fascistisk organisation efter italiensk f\u00f6rebild. Hur kan man d\u00e5 kalla invandrare <span style=\"font-family: Georgia-Italic,cursive;\"><i>nysvenskar?<\/i><\/span> \u00c4r de allts\u00e5 fascister? Nej, inte f\u00f6r att de \u00e4r invandrare, i alla fall. Men att kalla invandrare nysvenskar \u00e4r v\u00e4l en r\u00e4tt raffinerad metod att dra gadden ur den r\u00f6relsen\u2026<\/span><\/span><\/p>\n<p align=\"RIGHT\"><span style=\"font-family: NewCenturySchlbkLTStd-It,serif; color: #800000; font-size: small;\"><span lang=\"sv-SE\"><i>En id\u00e9 i idet av Bj\u00f6rn Forseth<\/i><\/span><\/span><\/p>\n<p style=\"text-align: center;\" align=\"RIGHT\"><span style=\"color: #ff0000;\"><strong>Du har nu l\u00e4st den kr\u00f6nika, som refuserades av Kiruna Annonsblad<\/strong><em> (men f\u00f6rmodligen hade tagits in, om \u00f6verskrift och ingress \u00e4ndrats \u2013 det fr\u00e5gade man mig dock inte om). Synd. Det enda goda med det var v\u00e4l att denna hemsida skapades p\u00e5 min egen dom\u00e4n.<\/em><\/span><\/p>\n<p style=\"text-align: center;\" align=\"RIGHT\"><span style=\"color: #ff0000;\"><em>Den som \u2013 som jag sj\u00e4lv \u2013 helst l\u00e4ser p\u00e5 papper, f\u00e5r v\u00e4l g\u00e5 till Annonsbladet och be dem k\u00f6pa in filmkr\u00f6nikorna fr\u00e5n Idet\u2026<\/em><\/span><\/p>\n<p style=\"text-align: center;\" align=\"RIGHT\"><a href=\"..\/idet\">\u00c5ter<\/a><\/p>\n","protected":false},"excerpt":{"rendered":"<p>FASCISTEN \u2013 gratistidning.com 2017-02-14 Kommentar om denna kr\u00f6nika \u2013 se l\u00e4ngst ned. &nbsp; Den rara fascisten \u00c4r nysvenskar fascister? Det \u00e4r l\u00e4tt att kalla n\u00e5gon man inte k\u00e4nner f\u00f6r fascist. Sj\u00e4lv har jag blivit kallad fascist b\u00e5de av ok\u00e4nda och k\u00e4nda. Vet de egentligen vad de menar? En som jag k\u00e4nde v\u00e4l var sj\u00e4lv fascist &hellip; <\/p>\n<p class=\"link-more\"><a href=\"https:\/\/forseth.se\/?page_id=726\" class=\"more-link\">Forts\u00e4tt l\u00e4sa<span class=\"screen-reader-text\"> \u201d<FONT COLOR=\"#FF0000\"> Den rara fascisten<\/FONT COLOR>\u201d<\/span><\/a><\/p>\n","protected":false},"author":1,"featured_media":0,"parent":0,"menu_order":94,"comment_status":"closed","ping_status":"closed","template":"","meta":{"footnotes":""},"class_list":["post-726","page","type-page","status-publish","hentry"],"_links":{"self":[{"href":"https:\/\/forseth.se\/index.php?rest_route=\/wp\/v2\/pages\/726","targetHints":{"allow":["GET"]}}],"collection":[{"href":"https:\/\/forseth.se\/index.php?rest_route=\/wp\/v2\/pages"}],"about":[{"href":"https:\/\/forseth.se\/index.php?rest_route=\/wp\/v2\/types\/page"}],"author":[{"embeddable":true,"href":"https:\/\/forseth.se\/index.php?rest_route=\/wp\/v2\/users\/1"}],"replies":[{"embeddable":true,"href":"https:\/\/forseth.se\/index.php?rest_route=%2Fwp%2Fv2%2Fcomments&post=726"}],"version-history":[{"count":11,"href":"https:\/\/forseth.se\/index.php?rest_route=\/wp\/v2\/pages\/726\/revisions"}],"predecessor-version":[{"id":802,"href":"https:\/\/forseth.se\/index.php?rest_route=\/wp\/v2\/pages\/726\/revisions\/802"}],"wp:attachment":[{"href":"https:\/\/forseth.se\/index.php?rest_route=%2Fwp%2Fv2%2Fmedia&parent=726"}],"curies":[{"name":"wp","href":"https:\/\/api.w.org\/{rel}","templated":true}]}}